{"id":872,"date":"2021-05-03T05:52:24","date_gmt":"2021-05-03T10:52:24","guid":{"rendered":"https:\/\/hugopalma.academy\/?page_id=872"},"modified":"2024-04-07T12:58:02","modified_gmt":"2024-04-07T17:58:02","slug":"pagina-inicial","status":"publish","type":"page","link":"https:\/\/hugopalma.academy\/","title":{"rendered":"Hugo Palma, Embajador"},"content":{"rendered":"<div class=\"wp-block-image margen-arriba-cero\">\n<figure class=\"aligncenter size-large\"><img loading=\"lazy\" decoding=\"async\" width=\"1024\" height=\"615\" src=\"https:\/\/hugopalma.academy\/wp-content\/uploads\/2021\/09\/Caratula-Final-2-1024x615.jpg\" alt=\"\" class=\"wp-image-1412\" srcset=\"https:\/\/hugopalma.academy\/wp-content\/uploads\/2021\/09\/Caratula-Final-2-1024x615.jpg 1024w, https:\/\/hugopalma.academy\/wp-content\/uploads\/2021\/09\/Caratula-Final-2-300x180.jpg 300w, https:\/\/hugopalma.academy\/wp-content\/uploads\/2021\/09\/Caratula-Final-2-768x461.jpg 768w, https:\/\/hugopalma.academy\/wp-content\/uploads\/2021\/09\/Caratula-Final-2-1536x922.jpg 1536w, https:\/\/hugopalma.academy\/wp-content\/uploads\/2021\/09\/Caratula-Final-2-2048x1229.jpg 2048w, https:\/\/hugopalma.academy\/wp-content\/uploads\/2021\/09\/Caratula-Final-2-2000x1200.jpg 2000w\" sizes=\"auto, (max-width: 767px) 89vw, (max-width: 1000px) 54vw, (max-width: 1071px) 543px, 580px\" \/><\/figure>\n<\/div>\n\n\n<div class=\"wp-block-group\"><div class=\"wp-block-group__inner-container is-layout-flow wp-block-group-is-layout-flow\">\n<div class=\"wp-block-columns is-layout-flex wp-container-core-columns-is-layout-9d6595d7 wp-block-columns-is-layout-flex\">\n<div class=\"wp-block-column is-layout-flow wp-block-column-is-layout-flow\">\n<p><\/p>\n\n\n\n<p><\/p>\n\n\n<div class=\"wp-block-image img-border\">\n<figure class=\"aligncenter size-full is-resized\"><img loading=\"lazy\" decoding=\"async\" width=\"225\" height=\"300\" src=\"https:\/\/hugopalma.academy\/wp-content\/uploads\/2024\/03\/Foto-Hugo-Palma-Ultima-225x300-1.jpeg\" alt=\"\" class=\"wp-image-2381\" style=\"width:337px;height:449px\" srcset=\"https:\/\/hugopalma.academy\/wp-content\/uploads\/2024\/03\/Foto-Hugo-Palma-Ultima-225x300-1.jpeg 225w, https:\/\/hugopalma.academy\/wp-content\/uploads\/2024\/03\/Foto-Hugo-Palma-Ultima-225x300-1-113x150.jpeg 113w\" sizes=\"auto, (max-width: 225px) 100vw, 225px\" \/><\/figure>\n<\/div><\/div>\n\n\n\n<div class=\"wp-block-column is-vertically-aligned-center ala-izquierda is-layout-flow wp-block-column-is-layout-flow\">\n<p><\/p>\n\n\n<form role=\"search\" method=\"get\" action=\"https:\/\/hugopalma.academy\/\" class=\"wp-block-search__button-outside wp-block-search__text-button wp-block-search\"    ><label class=\"wp-block-search__label\" for=\"wp-block-search__input-1\" >Buscar<\/label><div class=\"wp-block-search__inside-wrapper\" ><input class=\"wp-block-search__input\" id=\"wp-block-search__input-1\" placeholder=\"\" value=\"\" type=\"search\" name=\"s\" required \/><button aria-label=\"Buscar\" class=\"wp-block-search__button wp-element-button\" type=\"submit\" >Buscar<\/button><\/div><\/form>\n\n\n<p><\/p>\n\n\n\n<p style=\"line-height:1.2\">Este Blog consta de una Introducci\u00f3n y tres Secciones.  Se accede a sus contenidos:<\/p>\n\n\n\n<p style=\"line-height:1.2\">1) V\u00eda los respectivos \u00edndices.<\/p>\n\n\n\n<p style=\"line-height:1.2\">2) V\u00eda ventana <strong>BUSCAR. <\/strong>Escribir lo que desee, omitiendo art\u00edculos, adverbios y preposiciones. De no aparecer palabras resaltadas en amarillo, presionar \u201cContinue reading\u201d y desplazando la pantalla hacia arriba aparecer\u00e1n todas las referencias.<\/p>\n\n\n\n<p style=\"line-height:1.2\">A) De millas, gentes y tareas, resume episodios diplom\u00e1ticos de mis cincuenta a\u00f1os en el Ministerio de Relaciones Exteriores, pensados en quienes se interesan en las cuestiones internacionales del Per\u00fa y particularmente en los j\u00f3venes diplom\u00e1ticos. No es una biograf\u00eda, pero incluye algunos p\u00e1rrafos personales para comprender mi vivencia. Y, m\u00e1s importante, es expresi\u00f3n de mi gratitud al pa\u00eds y al Servicio Diplom\u00e1tico que me dieron tantas oportunidades de servir. <\/p>\n\n\n\n<p style=\"line-height:1.2\">B) Actividades y reflexiones, trata de  algunos casos y temas de la gesti\u00f3n diplom\u00e1tica y de mi actividad acad\u00e9mica que me fueron de particular inter\u00e9s. El tema inicial, \u201cLa vida diplom\u00e1tica\u201d, est\u00e1 dedicado a los j\u00f3venes que se inician en el Servicio.<\/p>\n\n\n\n<p style=\"line-height:1.2\">C) Publicaciones y Conferencias, contiene libros, ensayos, conferencias, art\u00edculos, memorandos de pol\u00edtica y variados textos, publicados y\/o presentados en el pa\u00eds o el extranjero. Tratan de derecho internacional, relaciones internacionales, pol\u00edtica exterior, seguridad, desarme y limitaci\u00f3n de armamentos, fomento de la confianza, cultura y otros, de los que fui autor o editor.<\/p>\n\n\n\n<p><\/p>\n<\/div>\n<\/div>\n\n\n\n<p class=\"has-text-align-center\"><\/p>\n\n\n\n<p class=\"has-text-align-center ala-derecha has-medium-font-size\"><br><strong>INTRODUCCI\u00d3N<\/strong><br><br><a href=\"https:\/\/hugopalma.academy\/wp-content\/uploads\/2024\/03\/Vallejo-en-el-cafe-presentacion-y-hoja-de-vida-1.pdf\" target=\"_blank\" rel=\"noreferrer noopener\">Vallejo en el caf\u00e9, Presentaci\u00f3n y Hoja de Vida<\/a> <\/p>\n\n\n\n<div style=\"clear:both\"><\/div>\n\n\n\n<hr class=\"wp-block-separator has-css-opacity is-style-default\"\/>\n\n\n\n<div class=\"wp-block-group\"><div class=\"wp-block-group__inner-container is-layout-flow wp-block-group-is-layout-flow\">\n<div class=\"wp-block-columns is-layout-flex wp-container-core-columns-is-layout-9d6595d7 wp-block-columns-is-layout-flex\">\n<div class=\"wp-block-column ala-derecha is-layout-flow wp-block-column-is-layout-flow\">\n<h2 class=\"wp-block-heading has-black-color has-text-color has-medium-font-size\"><span style=\"text-decoration: underline;\">DE MILLAS, GENTES Y TAREAS<\/span><\/h2>\n\n\n\n<div class=\"wp-block-columns is-layout-flex wp-container-core-columns-is-layout-9d6595d7 wp-block-columns-is-layout-flex\">\n<div class=\"wp-block-column is-layout-flow wp-block-column-is-layout-flow\" style=\"flex-basis:100%\">\n<div class=\"wp-block-columns is-layout-flex wp-container-core-columns-is-layout-9d6595d7 wp-block-columns-is-layout-flex\">\n<div class=\"wp-block-column is-layout-flow wp-block-column-is-layout-flow\" style=\"flex-basis:100%\">\n<figure class=\"wp-block-table\"><table><tbody><tr><td>  <a href=\"https:\/\/hugopalma.academy\/wp-content\/uploads\/2024\/03\/01-Los-Inicios.pdf\">01) Los Inicios<\/a><\/td><td><\/td><\/tr><tr><td> 02) <a href=\"https:\/\/hugopalma.academy\/wp-content\/uploads\/2024\/03\/02-Ingreso-al-Ministerio-y-primeros-pasos.pdf\"><li style=\"display: inline !important;\">Ingreso al <\/li><\/a><li style=\"display: inline !important;\"><a href=\"https:\/\/hugopalma.academy\/wp-content\/uploads\/2024\/03\/02-Ingreso-al-Ministerio-y-primeros-pasos-1.pdf\">M<\/a><\/li><a href=\"https:\/\/hugopalma.academy\/wp-content\/uploads\/2024\/03\/02-Ingreso-al-Ministerio-y-primeros-pasos.pdf\"><li style=\"display: inline !important;\">inisterio y primeros pasos<\/li><\/a><\/td><td><\/td><\/tr><tr><td> 03) <a href=\"https:\/\/hugopalma.academy\/wp-content\/uploads\/2024\/03\/03-Vice-Consul-en-Paris-y-dueno-del-mundo.pdf\"> <li style=\"display: inline !important;\">Vice C\u00f3nsul en Par\u00eds y due\u00f1o del mundo<\/li><\/a><\/td><td><\/td><\/tr><tr><td> 04) <a href=\"https:\/\/hugopalma.academy\/wp-content\/uploads\/2024\/03\/04-Gobierno-Militar.pdf\"><li style=\"display: inline !important;\">Gobierno Militar<\/li><\/a> <\/td><td><\/td><\/tr><tr><td> 05) <a href=\"https:\/\/hugopalma.academy\/wp-content\/uploads\/2024\/03\/05-Representante-Alterno-en-Naciones-Unidas-Nueva-York.pdf\"><li style=\"display: inline !important;\">Representante Alterno en Naciones Unidas Nueva York<\/li><\/a><\/td><td><\/td><\/tr><tr><td> 06) <a href=\"https:\/\/hugopalma.academy\/wp-content\/uploads\/2024\/03\/06-Embajador-en-Yugoslavia.pdf\">Embajador en Yugoslavia<\/a><\/td><td><\/td><\/tr><tr><td> 07) <a href=\"https:\/\/hugopalma.academy\/wp-content\/uploads\/2024\/03\/07-Director-de-Asuntos-Politicos-y-D-de-la-AD-del-Peru.pdf\" data-type=\"URL\">Director de Asuntos Pol\u00edticos y Diplom\u00e1ticos y Director de la Academia Diplom\u00e1tica del Per\u00fa<\/a><\/td><td><\/td><\/tr><tr><td> 08)&nbsp;<a href=\"https:\/\/hugopalma.academy\/wp-content\/uploads\/2024\/03\/08-Embajador-en-Brasil.pdf\">Embajador en Brasil<\/a><\/td><td><\/td><\/tr><tr><td> 09) <a href=\"https:\/\/hugopalma.academy\/wp-content\/uploads\/2024\/03\/09-Viceministro-y-Secretario-General-primera-vez.pdf\">Viceministro y Secretario General primera vez<\/a><\/td><td><\/td><\/tr><tr><td> 10) <a href=\"https:\/\/hugopalma.academy\/wp-content\/uploads\/2024\/03\/10-Embajador-en-Francia.pdf\">Embajador en Francia<\/a><\/td><td><\/td><\/tr><tr><td> 11) <a href=\"https:\/\/hugopalma.academy\/wp-content\/uploads\/2024\/03\/11-Embajador-Representante-en-la-UNESCO.pdf\">Embajador Representante Permanente en la UNESCO<\/a><\/td><td><\/td><\/tr><tr><td> 12) <a href=\"https:\/\/hugopalma.academy\/wp-content\/uploads\/2024\/03\/12-Embajador-en-Ecuador.pdf\">Embajador en Ecuador<\/a> <\/td><td><\/td><\/tr><tr><td> 13) <a href=\"https:\/\/hugopalma.academy\/wp-content\/uploads\/2024\/03\/13-Viceministro-y-Secretario-General-segunda-vez.pdf\">Viceministro y Secretario General segunda vez<\/a> <\/td><td><\/td><\/tr><tr><td> 14) <a href=\"https:\/\/hugopalma.academy\/wp-content\/uploads\/2024\/03\/14-Me-tomo-unos-anos-libres.pdf\">Me tomo unos a\u00f1os libres<\/a> <\/td><td><\/td><\/tr><tr><td> 15) <a href=\"https:\/\/hugopalma.academy\/wp-content\/uploads\/2024\/03\/15-Embajador-en-Italia-la-FAO-y-el-PMA.pdf\">Embajador en Italia, la FAO y el PMA<\/a> <\/td><td><\/td><\/tr><tr><td> 16) <a href=\"https:\/\/hugopalma.academy\/wp-content\/uploads\/2024\/03\/16-Japon-ultima-Embajada-La-OIMT-Sayonara.pdf\">Jap\u00f3n, \u00faltima Embajada. La OIMT. Sayonara<\/a><\/td><td><\/td><\/tr><tr><td> 17) <a href=\"https:\/\/hugopalma.academy\/wp-content\/uploads\/2024\/03\/Gracias-muchas-muchas-gracias.pdf\">Gracias. Muchas, muchas gracias<\/a><\/td><td><\/td><\/tr><tr><td> 18) <a href=\"https:\/\/hugopalma.academy\/wp-content\/uploads\/2024\/03\/Hay-vida-tras-la-vida-diplomatica.pdf\">Hay vida tras la vida diplom\u00e1tica<\/a><\/td><td><\/td><\/tr><\/tbody><\/table><\/figure>\n<\/div>\n<\/div>\n<\/div>\n<\/div>\n\n\n\n<p><\/p>\n\n\n\n<p><\/p>\n<\/div>\n\n\n\n<div class=\"wp-block-column is-layout-flow wp-block-column-is-layout-flow\">\n<h2 class=\"wp-block-heading has-black-color has-text-color has-medium-font-size\"><span style=\"text-decoration: underline;\">ACTIVIDADES Y REFLEXIONES<\/span><\/h2>\n\n\n\n<figure class=\"wp-block-table\"><table><tbody><tr><td>  01) <a href=\"https:\/\/hugopalma.academy\/wp-content\/uploads\/2021\/08\/01-La-vida-diplomatica.pdf\" data-type=\"URL\"> La vida diplom\u00e1tica<\/a><\/td><td><\/td><\/tr><tr><td> 02) <a href=\"https:\/\/hugopalma.academy\/wp-content\/uploads\/2021\/08\/02-La-cultura-no-es-un-adorno.pdf\">La cultura no es un adorno<\/a><\/td><td><\/td><\/tr><tr><td> 03) <a href=\"https:\/\/hugopalma.academy\/wp-content\/uploads\/2021\/08\/03-ACTIVIDAD-ACADEMICA.pdf\">Actividad Acad\u00e9mica<\/a><\/td><td><\/td><\/tr><tr><td> 04) <a href=\"https:\/\/hugopalma.academy\/wp-content\/uploads\/2021\/08\/04-El-Desarme-y-la-Limitacion-de-Armamentos.pdf\">El Desarme y la Limitaci\u00f3n de Armamentos<\/a><\/td><td><\/td><\/tr><tr><td> 05) <a href=\"https:\/\/hugopalma.academy\/wp-content\/uploads\/2021\/08\/05-Mi-actuacion-en-desarme-y-limitacion-de-armamentos.pdf\">Mi actuaci\u00f3n en desarme y limitaci\u00f3n de armamentos<\/a><\/td><td><\/td><\/tr><tr><td> 06) <a href=\"https:\/\/hugopalma.academy\/wp-content\/uploads\/2021\/08\/06-Seguridad-internacional.pdf\">Seguridad internacional<\/a><\/td><td><\/td><\/tr><tr><td> 07) <a href=\"https:\/\/hugopalma.academy\/wp-content\/uploads\/2021\/08\/07-El-Protocolo-de-Paz.pdf\">El Protocolo de Paz<\/a><\/td><td><\/td><\/tr><tr><td> 08)&nbsp;<a href=\"https:\/\/hugopalma.academy\/wp-content\/uploads\/2021\/08\/08-Diplomacia-paralela-con-Chile.pdf\">Diplomacia paralela con Chile<\/a><\/td><td><\/td><\/tr><tr><td> 09) <a href=\"https:\/\/hugopalma.academy\/wp-content\/uploads\/2021\/08\/09-El-privilegio-de-ense\u00f1ar.pdf\">El privilegio de ense\u00f1ar<\/a><\/td><td><\/td><\/tr><tr><td> 10) <a href=\"https:\/\/hugopalma.academy\/wp-content\/uploads\/2021\/08\/10-Como-se-hacen-los-libros.pdf\">C\u00f3mo se hacen los libros<\/a><\/td><td><\/td><\/tr><tr><td> 11) <a href=\"https:\/\/hugopalma.academy\/wp-content\/uploads\/2021\/08\/11-El-Movimiento-No-Alineado.pdf\">El Movimiento No Alineado<\/a><\/td><td><\/td><\/tr><tr><td> 12) <a href=\"https:\/\/hugopalma.academy\/wp-content\/uploads\/2021\/08\/12-El-Centro-Peruano-de-Estudios-Internacionales-CEPEI.pdf\">El Centro Peruano de Estudios Internacionales CEPEI<\/a><\/td><td><\/td><\/tr><tr><td> 13) <a href=\"https:\/\/hugopalma.academy\/wp-content\/uploads\/2021\/08\/13-El-nacionalismo-y-la-unidad-nacional.pdf\">El nacionalismo y la unidad nacional<\/a> <\/td><td><\/td><\/tr><tr><td> 14) <a href=\"https:\/\/hugopalma.academy\/wp-content\/uploads\/2021\/08\/14-La-Convencion-de-las-Naciones-Unidas-sobre-el-Derecho-del-Mar.pdf\">La Convenci\u00f3n de las Naciones Unidas sobre el Derecho del Mar<\/a> <\/td><td><\/td><\/tr><tr><td> 15) <a href=\"https:\/\/hugopalma.academy\/wp-content\/uploads\/2021\/08\/15-La-Organizacion-de-los-Estados-Americanos-OEA-y-los-paises-latinoamericanos.pdf\">La Organizaci\u00f3n de los Estados Americanos OEA y los pa\u00edses latinoamericanos<\/a> <\/td><td><\/td><\/tr><tr><td> 16) <a href=\"https:\/\/hugopalma.academy\/wp-content\/uploads\/2021\/08\/16-Discurso-Mis-vivencias-en-Japon.pdf\">Discurso Mis vivencias en Jap\u00f3n<\/a><\/td><td><\/td><\/tr><tr><td> 17) <a href=\"https:\/\/hugopalma.academy\/wp-content\/uploads\/2021\/08\/17-DISCURSO-CIRCUNSTANCIA-Y-RECORRIDO.pdf\">Discurso Circunstancia y Recorrido<\/a><\/td><td><\/td><\/tr><tr><td> 18) <a href=\"https:\/\/hugopalma.academy\/wp-content\/uploads\/2021\/08\/18-Reconocimiento-como-Ex-Alumno-Distinguido-de-la-PUCP.pdf\">Reconocimiento como Ex Alumno Distinguido de la PUCP<\/a><\/td><td><\/td><\/tr><\/tbody><\/table><\/figure>\n\n\n\n<p><\/p>\n\n\n\n<p><\/p>\n\n\n\n<p><\/p>\n<\/div>\n\n\n\n<div class=\"wp-block-column is-layout-flow wp-block-column-is-layout-flow\">\n<h2 class=\"wp-block-heading has-black-color has-text-color has-medium-font-size\"><span style=\"text-decoration: underline;\">PUBLICACIONES Y CONFERENCIAS <\/span><\/h2>\n\n\n\n<figure class=\"wp-block-table\"><table><tbody><tr><td>01) <a href=\"https:\/\/hugopalma.academy\/?page_id=60\">Derecho Internacional<\/a><\/td><td>\ufeff<\/td><\/tr><tr><td>02) <a href=\"https:\/\/hugopalma.academy\/?page_id=301\">Per\u00fa Pol\u00edtica Exterior<\/a><\/td><td>\ufeff<\/td><\/tr><tr><td>03) <a href=\"https:\/\/hugopalma.academy\/?page_id=79\">Relaciones Internacionales<\/a><\/td><td>\ufeff<\/td><\/tr><tr><td>04) <a href=\"https:\/\/hugopalma.academy\/?page_id=199\">Seguridad<\/a><\/td><td>\ufeff<\/td><\/tr><tr><td>05) <a href=\"https:\/\/hugopalma.academy\/?page_id=298\">Desarme y Limitaci\u00f3n de Armamentos<\/a><\/td><td>\ufeff<\/td><\/tr><tr><td>06) <a href=\"https:\/\/hugopalma.academy\/?page_id=572\">Fomento de la Confianza<\/a><\/td><td>\ufeff<\/td><\/tr><tr><td>07) <a href=\"https:\/\/hugopalma.academy\/?page_id=366\">Defensa y Fuerzas Armadas<\/a><\/td><td>\ufeff<\/td><\/tr><tr><td>08)&nbsp;<a href=\"https:\/\/hugopalma.academy\/?page_id=341\">Cultura<\/a><\/td><td>\ufeff<\/td><\/tr><tr><td>09)&nbsp;<a href=\"https:\/\/hugopalma.academy\/?page_id=1342\">Pol\u00edtica Per\u00fa<\/a> <\/td><td><\/td><\/tr><tr><td>10) <a href=\"https:\/\/hugopalma.academy\/?page_id=359\">Divertimentos<\/a><\/td><td>\ufeff<\/td><\/tr><\/tbody><\/table><\/figure>\n\n\n\n<p><\/p>\n\n\n\n<p><\/p>\n\n\n\n<p><\/p>\n\n\n\n<h2 class=\"wp-block-heading\"><\/h2>\n\n\n\n<p><\/p>\n<\/div>\n<\/div>\n<\/div><\/div>\n<\/div><\/div>\n\n\n\n<p class=\"has-text-align-center has-medium-font-size\">Vallejo en el caf\u00e9<\/p>\n\n\n<div class=\"wp-block-image\">\n<figure class=\"aligncenter size-full is-resized\"><img loading=\"lazy\" decoding=\"async\" width=\"1075\" height=\"8409\" src=\"https:\/\/hugopalma.academy\/wp-content\/uploads\/2024\/03\/Vallejo-1.png\" alt=\"\" class=\"wp-image-2311\" style=\"width:724px;height:auto\" srcset=\"https:\/\/hugopalma.academy\/wp-content\/uploads\/2024\/03\/Vallejo-1.png 1075w, https:\/\/hugopalma.academy\/wp-content\/uploads\/2024\/03\/Vallejo-1-19x150.png 19w, https:\/\/hugopalma.academy\/wp-content\/uploads\/2024\/03\/Vallejo-1-768x6008.png 768w, https:\/\/hugopalma.academy\/wp-content\/uploads\/2024\/03\/Vallejo-1-262x2048.png 262w\" sizes=\"auto, (max-width: 767px) 89vw, (max-width: 1000px) 54vw, (max-width: 1071px) 543px, 580px\" \/><\/figure>\n<\/div>\n\n\n<p class=\"has-text-align-center has-medium-font-size\"><\/p>\n\n\n\n<p class=\"has-text-align-center has-medium-font-size\"><\/p>\n\n\n\n<p><\/p>\n","protected":false},"excerpt":{"rendered":"<p>Este Blog consta de una Introducci\u00f3n y tres Secciones. Se accede a sus contenidos: 1) V\u00eda los respectivos \u00edndices. 2) V\u00eda ventana BUSCAR. Escribir lo que desee, omitiendo art\u00edculos, adverbios y preposiciones. De no aparecer palabras resaltadas en amarillo, presionar \u201cContinue reading\u201d y desplazando la pantalla hacia arriba aparecer\u00e1n todas las referencias. A) De millas, &hellip; <\/p>\n<p class=\"link-more\"><a href=\"https:\/\/hugopalma.academy\/\" class=\"more-link\">Continue reading<span class=\"screen-reader-text\"> \u00abHugo Palma, Embajador\u00bb<\/span><\/a><\/p>\n","protected":false},"author":2,"featured_media":0,"parent":0,"menu_order":0,"comment_status":"closed","ping_status":"closed","template":"template-page-builder-no-header-footer.php","meta":{"jetpack_post_was_ever_published":false,"footnotes":""},"class_list":["post-872","page","type-page","status-publish","hentry"],"jetpack_sharing_enabled":true,"jetpack_shortlink":"https:\/\/wp.me\/Pa9V6O-e4","_links":{"self":[{"href":"https:\/\/hugopalma.academy\/index.php?rest_route=\/wp\/v2\/pages\/872","targetHints":{"allow":["GET"]}}],"collection":[{"href":"https:\/\/hugopalma.academy\/index.php?rest_route=\/wp\/v2\/pages"}],"about":[{"href":"https:\/\/hugopalma.academy\/index.php?rest_route=\/wp\/v2\/types\/page"}],"author":[{"embeddable":true,"href":"https:\/\/hugopalma.academy\/index.php?rest_route=\/wp\/v2\/users\/2"}],"replies":[{"embeddable":true,"href":"https:\/\/hugopalma.academy\/index.php?rest_route=%2Fwp%2Fv2%2Fcomments&post=872"}],"version-history":[{"count":317,"href":"https:\/\/hugopalma.academy\/index.php?rest_route=\/wp\/v2\/pages\/872\/revisions"}],"predecessor-version":[{"id":2415,"href":"https:\/\/hugopalma.academy\/index.php?rest_route=\/wp\/v2\/pages\/872\/revisions\/2415"}],"wp:attachment":[{"href":"https:\/\/hugopalma.academy\/index.php?rest_route=%2Fwp%2Fv2%2Fmedia&parent=872"}],"curies":[{"name":"wp","href":"https:\/\/api.w.org\/{rel}","templated":true}]}}