{"id":79,"date":"2019-01-22T12:37:21","date_gmt":"2019-01-22T17:37:21","guid":{"rendered":"https:\/\/hugopalma.academy\/?page_id=79"},"modified":"2024-04-08T17:07:57","modified_gmt":"2024-04-08T22:07:57","slug":"relaciones-internacionales","status":"publish","type":"page","link":"https:\/\/hugopalma.academy\/?page_id=79","title":{"rendered":"Publicaciones &#038; Conferencias 03)"},"content":{"rendered":"\n<p>01) <a href=\"https:\/\/hugopalma.academy\/hp-docs\/03.%20Relaciones%20Internacionales\/INTEGRACION%2C%20ARMAMENTISMO%20Y%20DESARROLLO%2010ago11%20RevistaEscSupGueNa.pdf\">Integraci\u00f3n armamentismo y desarrollo. Ensayo. Revista de la Escuela Superior de Guerra Naval. 10 agosto 2011. La vocaci\u00f3n integracionista de Am\u00e9rica Latina se ha expresado desde su independencia; siendo que el voluntarismo y las diferencias ideol\u00f3gicas las contin\u00faan frustrando. En oportunidades consider\u00f3 tambi\u00e9n cuestiones relativas a la seguridad y la problem\u00e1tica del armamentismo. La voluntad fue insuficiente y la seguridad sigue siendo el bien m\u00e1s escaso en la regi\u00f3n.<\/a><\/p>\n\n\n\n<p>02) <a href=\"https:\/\/hugopalma.academy\/hp-docs\/03.%20Relaciones%20Internacionales\/Las%20Relaciones%20Interamericanas%20Una%20vision%20hacia%20el%20futuro.pdf\">Las relaciones Interamericanas. Una Visi\u00f3n hacia el futuro. Conferencia. Universidad del Pacifico 2011 . A dos siglos de la independencia, las relaciones interamericanas siguen siendo complejas por la convivencia de numerosos pa\u00edses en distintos niveles de desarrollo con la superpotencia mundial. A pesar de acuerdos formales sobre democracia y derechos humanos, la actuaci\u00f3n de no pocos pa\u00edses sigue siendo lamentable, afectando el conjunto de temas que interesan al hemisferio. <\/a><\/p>\n\n\n\n<p>03) <a href=\"https:\/\/hugopalma.academy\/hp-docs\/03.%20Relaciones%20Internacionales\/LA%20OEA%20NO%20SIRVE%20Y%20NOSOTROS%20TAMPOCO%20HUGO%20PALMA%20EXPRESO%20LIMA%206%20abril%2021014%20%283%29.pdf\">La OEA no sirve y nosotros tampoco. Art\u00edculo. Expreso, Lima 6 abril 2014. En \u00faltimas d\u00e9cadas y especialmente entre los gobiernos \u201cprogresistas\u201d, considerar inservible, inconveniente y descartable la Organizaci\u00f3n de Estados Americanos es tema favorito de su ret\u00f3rica. Se desconocen sus logros y su justificaci\u00f3n como \u00fanico espacio donde pueden debatir la superpotencia mundial y los dem\u00e1s estados de la regi\u00f3n. Sin embargo, ninguno present\u00f3 propuestas para actualizarla y mejorarla.<\/a><\/p>\n\n\n\n<p>04) <a href=\"https:\/\/hugopalma.academy\/hp-docs\/03.%20Relaciones%20Internacionales\/Quo%20Vadis%20UNASUR%20Hugo%20Palma%20Caretas%20%206dic12.pdf\">\u00bfQuo-vadis UNASUR? Art\u00edculo. Revista Caretas, Lima, 6 diciembre 2012. El voluntarismo de los gobiernos sudamericanos, con especial impulso de Brasil y Venezuela, pretendi\u00f3 que UNASUR desconociera las reales diferencias pol\u00edticas, ideol\u00f3gicas y econ\u00f3micas de los pa\u00edses. La ret\u00f3rica no pod\u00eda cambiar la realidad y el proyecto concluy\u00f3 mostrando sus carencias y fracas\u00f3.<\/a><\/p>\n\n\n\n<p>05) <a href=\"https:\/\/hugopalma.academy\/wp-content\/uploads\/2024\/02\/El-desafio-Amazonico.pdf\">El desaf\u00edo Amaz\u00f3nico.  Extenso ensayo sobre un \u00e1rea geogr\u00e1fica de siete millones de kil\u00f3metros, compartida pol\u00edticamente entre ocho estados sudamericanos y un departamento franc\u00e9s de ultramar. La riqueza de la regi\u00f3n amaz\u00f3nica es inmensa no solamente por su dimensi\u00f3n si no su diversidad, recursos de todo tipo, climas, biolog\u00eda, hidrolog\u00eda, poblaci\u00f3n original y allegada y muchas cosas m\u00e1s como la existencia de especies vegetales y animales que podr\u00edan aportar inmensamente a la ciencia y a la humanidad entera. Al mismo tiempo, esta regi\u00f3n indispensable para la regulaci\u00f3n del clima y la vida en el planeta, se encuentra crecientemente amenazada por crecientes peligros que podr\u00edan llevar a da\u00f1os irreparables y hasta la afectaci\u00f3n de la vida humana. Es tambi\u00e9n insuficientemente conocida, descuidada por los estados que la comparte y hasta maltratada no solamente por pol\u00edticas sino hasta por actividades ilegales. Obviamente, existen formas de cooperaci\u00f3n que el Tratado de Cooperaci\u00f3n Amaz\u00f3nica, suscrito en 1978, deber\u00eda fomentar. Lamentablemente, gobiernos crecientemente ineficaces, la necesidad de explotar sus recursos, la depredaci\u00f3n descontrolada por actividades \u201cl\u00edcitas\u201d y cada vez m\u00e1s por \u201cil\u00edcitas\u201d, imponen asumir que extensas zonas de su geograf\u00eda se han convertido en la pr\u00e1ctica en \u201cterritorios liberados\u201d para el crimen y hasta para actividades terroristas. La preocupaci\u00f3n mundial por la gravedad creciente de la problem\u00e1tica, se expresa prop\u00f3sitos como el de \u201cinternacionalizar\u201d la Amazonia frente a la incapacidad de los gobiernos concernidos. \u00c9ste es s\u00f3lo otro de los riesgos, no apenas para las soberan\u00edas nacionales, sino para la regi\u00f3n misma. En tales condiciones, no se advierten ni prioridades ni intentos serios para ralentizar la destrucci\u00f3n de un inimaginable patrimonio que no puede ser reemplazado. Ensayo publicado en El Per\u00fa de los 90. Alfredo Barnechea, Editor. Instituto del Sur. Lima, 1990 Incluido en Libro Seguridad Desarme y Cooperaci\u00f3n Internacional. I. Prado Editores, Lima 1992 (Ver SECCI\u00d3N RELACIONES INTERNACIONALES 03 pg. 346).<\/a><\/p>\n\n\n\n<p>06) <a href=\"https:\/\/hugopalma.academy\/wp-content\/uploads\/2021\/10\/Venezuela-Estado-Mafioso-Articulo-No-publicado-El-informe-de-Insight-Crime-2018.pdf\">Venezuela Estado mafioso. Art\u00edculo. No publicado. Presenta los hallazgos del s\u00f3lido informe de 2018 de InSight Crime, Fundaci\u00f3n dedicada al estudio y seguimiento del crimen organizado en Am\u00e9rica Latina y el Caribe. Se\u00f1ala como elementos centrales el copamiento criminal de instituciones del Estado, incluyendo los de la fuerza p\u00fablica; el tr\u00e1fico de drogas por el \u201cCartel de los Soles\u201d de altos oficiales de las Fuerzas Armadas Bolivarianas; el asalto a las arcas del Estado que ubica al pa\u00eds en el puesto 166 de 176 en el Indice de Percepci\u00f3n de la Corrupci\u00f3n; las vinculaciones del r\u00e9gimen Con Agrupaciones Delictivas Colombianas y Mafias en Am\u00e9rica Central y el Caribe; y, como Resultado de Todo Ello el Desastre Traducido en la Masiva Huida de Millones de Ciudadanos que No Soportan Vivir en un Estado Mafioso.<\/a><\/p>\n\n\n\n<p>Referencia: <a href=\"https:\/\/insightcrime.org\/wp-content\/uploads\/2018\/05\/Venezuela-Estado-mafioso-InSight-Crime-Observatorio-de-crimen-organizado.pdf\">https:\/\/insightcrime.org\/wp-content\/uploads\/2018\/05\/Venezuela-Estado-mafioso-InSight-Crime-Observatorio-de-crimen-organizado.pdf<\/a><\/p>\n\n\n\n<p>07) <a href=\"https:\/\/hugopalma.academy\/hp-docs\/03.%20Relaciones%20Internacionales\/El%20No%20Alineamiento_Desarrollo%20Evoluci%C3%B3n%20y%20Perspectivas_RPDI%20No%2090%20y%2091%20unidos.pdf\">El No Alineamiento. Desarrollo, evoluci\u00f3n y perspectivas. Extensa revista sobre los temas del t\u00edtulo. Iniciado el movimiento NOAL por el impulso de los l\u00edderes de Egipto, Yugoslavia y la India, fue convocando a crecientes n\u00fameros de pa\u00edses. En algunos temas su actuaci\u00f3n fue decisiva. La divisi\u00f3n del mundo en bloques pol\u00edticos y militares, constituy\u00f3 por d\u00e9cadas una amenaza cierta a la paz y seguridad de todos los pa\u00edses. No se trataba de un prop\u00f3sito de neutralidad, sino de activa participaci\u00f3n en las situaciones internacionales para evitar que se escalara a conflictos abiertos que hubieran podido ser nucleares. Otro tema central fue la culminaci\u00f3n del proceso de descolonizaci\u00f3n, ya iniciado pero que encontraba a\u00fan casos que parec\u00edan irreductibles. Y tambi\u00e9n por la lucha por la terminaci\u00f3n del oprobioso r\u00e9gimen del Apartheid en Sud\u00e1frica. <a href=\"https:\/\/hugopalma.academy\/hp-docs\/03.%20Relaciones%20Internacionales\/El%20No%20Alineamiento_Desarrollo%20Evoluci%C3%B3n%20y%20Perspectivas_RPDI%20No%2090%20y%2091%20unidos.pdf\">Obviamente, todos los miembros tuvieron preferencias pol\u00edticas e ideol\u00f3gicas por uno u otro bloque. <\/a>Con esos referentes, se realizaron muchas actividades: conferencias ministeriales y cumbres, gestiones, concertaci\u00f3n de posiciones en las organizaciones internacionales y muchas m\u00e1s. En su momento, buen n\u00famero de pa\u00edses de Am\u00e9rica Latina se incorporaron al Movimiento, llevando a su seno algunas preocupaciones como la necesidad de establecer un nuevo derecho del mar. Se fue debilitando por el activismo militante pa\u00edses como Cuba y otros, decididos a acercar el movimiento a la \u00f3rbita de los pa\u00edses socialistas a los que calificaba de \u201caliados naturales\u201d. Sumado a la modesta o inexistente calidad democr\u00e1tica y funcional de sus reg\u00edmenes de gobierno, no pocos acuerdos fueron en las pr\u00e1cticas nominales. Nunca pudo aplicarse el consenso aut\u00e9ntico, m\u00e9todo adoptado para la toma de decisiones. No obstante la elevaci\u00f3n de los objetivos generales y principios del NOAL, factores econ\u00f3micos, pol\u00edticos, ideol\u00f3gicos y la creciente adhesi\u00f3n mal disimulada al bloque socialista, fue deteriorando su actuaci\u00f3n, imagen y relevancia. La implosi\u00f3n de ese bloque potenci\u00f3 en su momento la tendencia declinante. Subsiste aun, casi como un ritual. Ensayo en la Revista Peruana de Derecho Internacional N. 90 y 91; Lima, 1983. Incluido en Libro Seguridad Desarme y Cooperaci\u00f3n Internacional. I. Prado Editores, Lima 1992.<\/a><\/p>\n\n\n\n<p>08)  <a href=\"https:\/\/hugopalma.academy\/hp-docs\/03.%20Relaciones%20Internacionales\/La%20OEA%20y%20la%20democracia%20El%20Comercio%20Lima%2012%20noviembre%202000.pdf\">La OEA y la democracia. Art\u00edculo. El Comercio, Lima, 12 noviembre 2000. La Declaraci\u00f3n de Santiago de la Quinta Reuni\u00f3n de Cancilleres de la OEA sobre democracia en 1959, en apenas unos p\u00e1rrafos es la m\u00e1s precisa definici\u00f3n de lo que es y no es democracia. Como el resto de compromisos formales, no impidi\u00f3 las derivas autoritarias de muchos gobiernos en distintas \u00e9pocas y regiones.<\/a><\/p>\n\n\n\n<p>09) <a href=\"https:\/\/hugopalma.academy\/wp-content\/uploads\/2024\/02\/El-consenso-internacional-y-la-convencion-del-Mar.pdf\">El consenso internacional y la convenci\u00f3n del Mar. Resume el dilatado proceso de negociaci\u00f3n internacional que condujo a la aprobaci\u00f3n del texto de la Convenci\u00f3n del Mar, con la participaci\u00f3n de un gran n\u00famero de pa\u00edses. La tarea preparatoria de la Conferencia del Mar, que se reuni\u00f3 formalmente en Caracas en 1974, fue sumamente compleja. A partir de ah\u00ed se sucedieron reuniones bianuales, comit\u00e9s especiales, grupos de contacto, de negociaci\u00f3n y conciliaci\u00f3n lo que fue haciendo que los puntos de vista e intereses de los pa\u00edses se fuera acercando. Ha sido el m\u00e1s grande ejercicio de negociaci\u00f3n emprendido por la humanidad. Participaron en ella las m\u00e1s distinguidas personalidades en distintas disciplinas: juristas, diplom\u00e1tico, ge\u00f3grafo, oficiales de marina, cient\u00edficos y m\u00e1s. La Convenci\u00f3n suscrita en Jamaica en 1982, obviamente no cont\u00f3 con la participaci\u00f3n de todos los estados. Sin embargo, los no firmantes solamente cuestionaron determinados aspectos espec\u00edficos. Consecuentemente, es aceptable decir que es un compromiso producido por el consenso internacional. M\u00e1s de cuatro d\u00e9cadas despu\u00e9s, el Per\u00fa sigue auto excluy\u00e9ndose, con grave perjuicio, de esa obligaci\u00f3n del derecho internacional, a la que debe respetar al punto que pidi\u00f3 su aplicaci\u00f3n en la Corte Internacional de Justicia para resolver la diferencia sobre delimitaci\u00f3n mar\u00edtima con Chile. Inexplicable e imperdonable. Art\u00edculo en \u201cDerecho del Mar\u201d publicaci\u00f3n de la Academia Diplom\u00e1tica del Per\u00fa; Lima, 1984. Incluido en Libro Seguridad Desarme y Cooperaci\u00f3n Internacional. I. Prado Editores, Lima 1992.<\/a><\/p>\n\n\n\n<p>10) <a href=\"https:\/\/hugopalma.academy\/hp-docs\/03.%20Relaciones%20Internacionales\/Presentacion%20del%20libro%20s.%20J.%20P%C3%A9rez%20de%20Cu%C3%A9llar.pdf\">\u00abConversaciones con Javier P\u00e9rez de Cu\u00e9llar. Testimonio de un peruano universal\u00bb, libro del embajador Harold Forsyth. Reconocimiento a uno de los m\u00e1s ilustres y el m\u00e1s universal de los peruanos. Resum\u00ed algunas de sus numerosas actuaciones en beneficio de la paz, la humanidad y el Per\u00fa. Haber servido con P\u00e9rez de Cu\u00e9llar y ser beneficiario de su amistad y ejemplo por d\u00e9cadas es un invalorable honor y privilegio. Presentaci\u00f3n del libro. Discurso. Academia Diplom\u00e1tica del Per\u00fa, 2001.<\/a><\/p>\n\n\n\n<p>11) <a href=\"https:\/\/hugopalma.academy\/hp-docs\/03.%20Relaciones%20Internacionales\/P%C3%A9rez%20de%20Cuellar%20y%20la%20paz%20El%20Comercio%20Lima%2019%20setiembre%202001.pdf\">P\u00e9rez de Cu\u00e9llar y la Paz. Art\u00edculo. El Comercio, Lima 19 setiembre 2001. Comentario sobre \u201cConversaciones con Javier P\u00e9rez de Cu\u00e9llar. Testimonio de un \u00abperuano universal\u00bb libro del Embajador Harold Forsyth sobre la trayectoria vital y profesional del ilustre compatriota. Con sencillez y modestia, quien dedic\u00f3 su vida al servicio del Per\u00fa y de la paz, comenta etapas centrales de una muy larga carrera en la que actu\u00f3 con inteligencia, compromiso, profesionalismo y profundo amor a su pa\u00eds. Fue Secretario General de la ONU y en el Per\u00fa, Presidente del Consejo de Ministros y Canciller. <\/a> <\/p>\n\n\n\n<p>12)  <a href=\"https:\/\/hugopalma.academy\/hp-docs\/03.%20Relaciones%20Internacionales\/Am%C3%A9rica%20Latina%202000Abr04%20Quo%20vadis.pdf\">\u00bfQuo Vadis Am\u00e9rica Latina? Centenares de investigadores se interrogaron sobre el presente y futuro de la regi\u00f3n. Las diferencias pol\u00edticas, econ\u00f3micas y sociales no consiguen ser escamoteadas por la ret\u00f3rica y las posibilidades del futuro seguir\u00e1n siendo eso: posibilidades. Art\u00edculo <a href=\"https:\/\/hugopalma.academy\/hp-docs\/03.%20Relaciones%20Internacionales\/Am%C3%A9rica%20Latina%202000Abr04%20Quo%20vadis.pdf\">El Comercio Lima 4 abril 2000<\/a>. Conferencia de la Asociaci\u00f3n Latinoamericana de Estudios LASA, Miami, 2000.<\/a> <\/p>\n\n\n\n<p>13) <a href=\"https:\/\/hugopalma.academy\/hp-docs\/03.%20Relaciones%20Internacionales\/Corrupci%C3%B3n%20Camara%20Comercio%20Lima%20Hugo%20Palma.pdf\">La corrupci\u00f3n. Discurso. Primer Foro Empresarial Descentralizado. C\u00e1mara de Comercio de Lima, 2001. Examina la problem\u00e1tica de la corrupci\u00f3n y su vinculaci\u00f3n con distintos delitos y el impacto en la sociedad peruana de los niveles de corrupci\u00f3n en los a\u00f1os noventa. La corrupci\u00f3n roba directamente a los ciudadanos y normaliza comportamientos sociales delictivos. Se\u00f1ala la insuficiencia de los convenios internacionales y la necesidad de mayor vigilancia ciudadana.<\/a><\/p>\n\n\n\n<p>14) <a href=\"https:\/\/hugopalma.academy\/hp-docs\/03.%20Relaciones%20Internacionales\/La%20corrupci%C3%B3n%20C%C3%A1mara%20Comercio%20de%20Lima%2020%20Julio%202001.pdf\">La corrupci\u00f3n. Comentarios adicionales en el debate. Primer Foro Empresarial Descentralizado. C\u00e1mara de Comercio de Lima, 20 julio 2001. Afirmar que todos los peruanos son corruptos es una peligrosa y falsa generalizaci\u00f3n, pues transformar\u00eda un delito en una cuesti\u00f3n sociol\u00f3gica o cultural. Por el contrario; impacta el patrimonio de los ciudadanos, incrementa los \u00abcostos de transacci\u00f3n\u00bb y constituye el hilo conductor de buena parte de los males que aquejan a las sociedades en desarrollo.<\/a><\/p>\n\n\n\n<p>15) <a href=\"https:\/\/hugopalma.academy\/hp-docs\/03.%20Relaciones%20Internacionales\/2001%20Ago23%20La%20f%C3%B3rmula%20de%20la%20corrupci%C3%B3n.pdf\">La f\u00f3rmula de la corrupci\u00f3n. Articulo. El Comercio, Lima 23 agosto 2001. En el Foro de la C\u00e1mara de Comercio de Lima, present\u00e9 la f\u00f3rmula del Profesor de Harvard, Robert Klitgaard: la corrupci\u00f3n es igual a monopolio m\u00e1s arbitrariedad menos transparencia o sea C=M+A-T. El fin del gobierno autoritario y corrupto suscit\u00f3 reflexiones y estudios que concluyeron en que el flagelo compromete los fondos del Estado, roba a las personas, afecta la democracia y destruye la legitimidad de las instituciones. Tras dos d\u00e9cadas la corrupci\u00f3n se ha extendido a\u00fan m\u00e1s con grav\u00edsimo riesgo para toda la sociedad y el pa\u00eds.<\/a><\/p>\n\n\n\n<p>16) <a href=\"https:\/\/hugopalma.academy\/hp-docs\/03.%20Relaciones%20Internacionales\/Las%20instituciones%20latinoamericanas%20y%20el%20cambio%20global.pdf\">Las Instituciones Latinoamericanas y el cambio global. Conferencia. FLACSO, Santiago de Chile. Agosto 1998. Desde su independencia los pa\u00edses de Am\u00e9rica Latina consideraron necesario establecer instituciones. Los intentos fueron numerosos, pero los resultados siguen siendo insuficientes. Cuando el dilema regionalismo-globalizaci\u00f3n ya ha perdido sentido, la regi\u00f3n sigue sin instituciones adecuadas al interior ni para relacionarse con el mundo. Ya era as\u00ed a finales el Siglo XX y lo sigue siendo 20 a\u00f1os despu\u00e9s.<\/a><\/p>\n\n\n\n<p>17)  <a href=\"https:\/\/hugopalma.academy\/hp-docs\/03.%20Relaciones%20Internacionales\/Europa%20y%20los%20Procesos%20de%20Integracion%20America%20Latina%20II%20Foro%20Eurolatinoamericano%20Lisboa%201992.pdf\">Europa y los procesos de integraci\u00f3n en Am\u00e9rica Latina: Prioridades. Conferencia. II Foro Euro latinoamericano, Lisboa, 28 abril 1992. La Uni\u00f3n Europea ha realizado esfuerzos para promover la integraci\u00f3n en Am\u00e9rica Latina. Ha concertado avanzados acuerdos con pa\u00edses o grupos de pa\u00edses que demostraron inter\u00e9s y seriedad. Si no se ha avanzado m\u00e1s, es mayormente por la acci\u00f3n o inacci\u00f3n de los latinoamericanos.<\/a><\/p>\n\n\n\n<p>18) <a href=\"https:\/\/hugopalma.academy\/wp-content\/uploads\/2024\/02\/El-papel-de-las-instituciones-en-el-refuerzo-de-las-relaciones-entre-Europa-y-America-Latina.pdf\">El papel de las instituciones en el refuerzo de las relaciones entre Europa y Am\u00e9rica Latina. La volatilidad pol\u00edtica y econ\u00f3mica de los pa\u00edses de Am\u00e9rica Latina, contin\u00faa reproduciendo las enormes dificultades para atender necesidades b\u00e1sicas de su poblaci\u00f3n y consolidar un r\u00e9gimen pol\u00edtico que m\u00e1s all\u00e1 de las recurrentes declaraciones y acuerdos sobre la democracia representativa, dista mucho de manifestarse en la realidad. Por razones naturales, la relaci\u00f3n con los pa\u00edses de Europa, especialmente occidental, se han ido diversificando y enriqueciendo. De nuestro lado, se intent\u00f3 posiblemente con muy buena disposici\u00f3n pero insuficientes resultados, el establecimiento de instituciones regionales que adem\u00e1s de sus prop\u00f3sitos espec\u00edficos, permitiera un trato intercontinental m\u00e1s estructurado. Ninguna otra regi\u00f3n reclama como la nuestra comunidad de origen, raza, lengua, religi\u00f3n y visi\u00f3n del mundo. Y frente a Europa tambi\u00e9n compart\u00edamos sustantivos elementos hist\u00f3ricos, sociales, culturales, econ\u00f3micos e inclusive pol\u00edticos en relaci\u00f3n a la gobernanza democr\u00e1tica. Se crearon el Mercado Com\u00fan Centroamericano, la Asociaci\u00f3n Latinoamericana de Libre Comercio, m\u00e1s adelante de Integraci\u00f3n, el Grupo Andino, la Corporaci\u00f3n Andina de Fomento, el Sistema Econ\u00f3mico Latinoamericano, el Tratado de Cooperaci\u00f3n Amaz\u00f3nica, el Convenio de la Cuenca del Plata y, en su momento, la Uni\u00f3n de Naciones Sudamericanas UNASUR, la Comunidad de Estados de Am\u00e9rica Latina y el Caribe CELAC; varias de ellas hasta con Parlamento. En distintos momentos,  sirvieron con cierta eficacia el prop\u00f3sito de reforzar las relaciones con Europa. Ahora verificamos que razones ideol\u00f3gicas predominaron sobre los intereses de los pa\u00edses y los pueblos. Formalmente, contin\u00faan encuentros como las cumbres, ahora bianuales, que sin el esp\u00edritu inicial tienen car\u00e1cter casi ritual y no contienen el avance latinoamericano hacia la irrelevancia. Ponencia para el I Foro Euro Latinoamericano. IEEI de Portugal y FIESP de Brasil. Sao Paulo, 1990. Incluido en Libro Seguridad Desarme y Cooperaci\u00f3n Internacional. I. Prado Editores, Lima 1992).<\/a><\/p>\n\n\n\n<p>19)  <a href=\"https:\/\/hugopalma.academy\/hp-docs\/03.%20Relaciones%20Internacionales\/Globalizaci%C3%B3n%20conflictiva%202003Ene09%20.pdf\">Globalizaci\u00f3n conflictiva. Art\u00edculo. El Comercio, Lima 9 enero 2003. La liberalizaci\u00f3n pol\u00edtica y apertura que Francis Fukuyama cre\u00eda irreversibles tras el derrumbe del muro de Berl\u00edn no dur\u00f3 mucho. La globalizaci\u00f3n sigui\u00f3 siendo conflictiva por las visiones pol\u00edticas miopes, recrudecen confrontaciones internacionales y se multiplican conflictos internos.<\/a><\/p>\n\n\n\n<p>20) <a href=\"https:\/\/hugopalma.academy\/hp-docs\/03.%20Relaciones%20Internacionales\/El%20planeta%20enfermo%202002Ago25%20.pdf\">El planeta enfermo. Art\u00edculo. El Comercio, Lima 25 agosto 2002. Los \u201cdesastres naturales\u201d son cada vez menos naturales y derivan mas de la acci\u00f3n humana que ha convertido el mundo en un basurero.<\/a><\/p>\n\n\n\n<p>21) <a href=\"https:\/\/hugopalma.academy\/hp-docs\/03.%20Relaciones%20Internacionales\/2002%20Jul17%20Alimentaci%C3%B3n%20y%20Gobierno.pdf\">Alimentaci\u00f3n y gobierno Art\u00edculo. El Comercio, Lima, 17 julio 2002. La observaci\u00f3n de Amartya Sen de que las hambrunas no se producen en democracias y las demostraciones emp\u00edricas de que eso es efectivamente as\u00ed, deber\u00eda ser aliciente adicional para el fortalecimiento de sistemas democr\u00e1ticos. <\/a><\/p>\n\n\n\n<p>22) <a href=\"https:\/\/hugopalma.academy\/hp-docs\/03.%20Relaciones%20Internacionales\/2001%20Las%20ni%C3%B1as%20de%20Afganist%C3%A1n.pdf\">Las ni\u00f1as de Afganist\u00e1n. Art\u00edculo. Los talibanes prohibieron a las ni\u00f1as ir al colegio, por considerar que las mujeres no tienen derecho a la educaci\u00f3n y su lugar es en la cocina. <a href=\"https:\/\/hugopalma.academy\/hp-docs\/03.%20Relaciones%20Internacionales\/2001%20Las%20ni%C3%B1as%20de%20Afganist%C3%A1n.pdf\">El Comercio, Lima 1 diciembre 2001<\/a>.<\/a><\/p>\n\n\n\n<p>23) <a href=\"https:\/\/hugopalma.academy\/hp-docs\/03.%20Relaciones%20Internacionales\/Japon%20y%20America%20Latina%20H%20Palma%20Seminario%20FES%20CRIES%20Quito%2028nov%2019.pdf\">Los v\u00ednculos culturales y econ\u00f3micos de Jap\u00f3n en Am\u00e9rica Latina y el Caribe. Conferencia. Fundaci\u00f3n Eber, CRIES, Quito 19 nov 2019. Visi\u00f3n del Jap\u00f3n sobre la actualidad regional. Hay intereses econ\u00f3micos, pol\u00edticos, culturales y sociales y, en casos, poblaci\u00f3n de origen japon\u00e9s. Hoy, tiene preocupaci\u00f3n por el retroceso econ\u00f3mico y desorden pol\u00edtico, pero mantiene prudencia y tiempo para decidir nuevas inversiones.<\/a><\/p>\n\n\n\n<p>24) <a href=\"https:\/\/hugopalma.academy\/hp-docs\/03.%20Relaciones%20Internacionales\/Preocupaciones%20sobre%20el%20acuerdo%20de%20Escaz%C3%BA.pdf\">Preocupaciones sobre el acuerdo de Escaz\u00fa. Lampadia. Lima 8 setiembre 2020. El \u201cAcuerdo Regional sobre el Acceso a la Informaci\u00f3n, la Participaci\u00f3n P\u00fablica y el Acceso a la Justicia en Asuntos Ambientales en Am\u00e9rica Latina y el Caribe\u201d, m\u00e1s all\u00e1 de las intenciones, es un compromiso cuya aplicaci\u00f3n puede afectar profundamente a nuestro pa\u00eds y otros. La preservaci\u00f3n del medio ambiente es esencial, pero no se deben contraer obligaciones sin examen riguroso de la realidad. Algunas de sus disposiciones se prestan a interpretaciones ilimitadamente extensivas, minimiza la existencia de dispositivos legales ya vigentes, establece tratamientos legales diferenciados para determinadas personas y posibilita que terceros pa\u00edses lleven al Per\u00fa a la Corte Internacional de Justicia. Adicionalmente asume que cualquier persona que solicita informaci\u00f3n o enjuicia al Estado por cuestiones ambientales lo hace de buena fe. No siendo el caso, es posible que la multiplicaci\u00f3n de procesos paralice a un estado. Ignora absolutamente la gigantesca depredaci\u00f3n ambiental que producen actividades delictivas: tala ilegal, siembra y procesamiento de drogas, miner\u00eda ilegal y otras. Solo las actividades leg\u00edtimas ser\u00edan objeto del tratado, facilitando correlativamente la multiplicaci\u00f3n de las ileg\u00edtimas. Si el acuerdo es tan bueno como alegan sus defensores, una elemental prudencia sugiere que el Per\u00fa no debe asumirlo, como ya lo hicieron Chile y otros, en tanto eso no sea claramente demostrado.<\/a><\/p>\n\n\n\n<p>25) <a href=\"https:\/\/hugopalma.academy\/hp-docs\/03.%20Relaciones%20Internacionales\/HUGO%20PALMA%20PERSPECTIVAS%20DE%20LAS%20RELACIONES%20HEMISFERICAS%2021oct12%2012m.pdf\">Revisi\u00f3n general de historia y pol\u00edtica; anhelo de concertaci\u00f3n, intentos y fracasos. Temas esenciales: derechos humanos y libertades fundamentales, democracia, seguridad, desarrollo econ\u00f3mico y social; condiciones para hacer posible la concertaci\u00f3n efectiva, no ret\u00f3rica. <a href=\"https:\/\/hugopalma.academy\/hp-docs\/03.%20Relaciones%20Internacionales\/HUGO%20PALMA%20PERSPECTIVAS%20DE%20LAS%20RELACIONES%20HEMISFERICAS%2021oct12%2012m.pdf\">Perspectivas de las relaciones hemisf\u00e9ricas. Memorandum de pol\u00edtica. 22 octubre 2012<\/a>.<\/a><\/p>\n\n\n\n<p>26) <a href=\"https:\/\/hugopalma.academy\/wp-content\/uploads\/2024\/02\/El-XXXVII-Aniversario-de-las-Naciones-Unidas.pdf\">El XXXVII Aniversario de las Naciones Unidas.  En la celebraci\u00f3n organizada en el Ministerio de Relaciones Exteriores, se registraron las dificultades de la organizaci\u00f3n internacional para cumplir cabalmente su cometido, derivadas esencialmente de la divisi\u00f3n del mundo en bloques y de la renuencia de los pa\u00edses desarrollados. <\/a><a href=\"https:\/\/hugopalma.academy\/hp-docs\/03.%20Relaciones%20Internacionales\/XXXVII%20Aniversario%20ONU%20Ministerio%20de%20RREE%2022%20oct%201982.pdf\">Casi 40 a\u00f1os despu\u00e9s, las posibilidades y dificultades de la organizaci\u00f3n siguen ah\u00ed. Se debe fortalecer a las Naciones Unidas o las cat\u00e1strofes que justificaron su creaci\u00f3n podr\u00e1n materializarse nuevamente. Discurso al Cuerpo Diplom\u00e1tico y autoridades oficiales en la ceremonia de celebraci\u00f3n, Lima. Octubre, 1982. Incluido en Libro Seguridad Desarme y Cooperaci\u00f3n Internacional. I. Prado Editores, Lima 1992.<\/a><\/p>\n\n\n\n<p>27) <a href=\"https:\/\/hugopalma.academy\/hp-docs\/03.%20Relaciones%20Internacionales\/AMERICA%20LATINA%20SUPERO%20A%20GARCIA%20MARQUEZ.pdf\">Declaraciones y decisiones de l\u00edderes pol\u00edticos latinoamericanos en el mundo de lo real maravilloso. Art\u00edculo. No publicado.<\/a><\/p>\n\n\n\n<p><\/p>\n","protected":false},"excerpt":{"rendered":"<p>01) Integraci\u00f3n armamentismo y desarrollo. Ensayo. Revista de la Escuela Superior de Guerra Naval. 10 agosto 2011. La vocaci\u00f3n integracionista de Am\u00e9rica Latina se ha expresado desde su independencia; siendo que el voluntarismo y las diferencias ideol\u00f3gicas las contin\u00faan frustrando. En oportunidades consider\u00f3 tambi\u00e9n cuestiones relativas a la seguridad y la problem\u00e1tica del armamentismo. La &hellip; <\/p>\n<p class=\"link-more\"><a href=\"https:\/\/hugopalma.academy\/?page_id=79\" class=\"more-link\">Continue reading<span class=\"screen-reader-text\"> \u00abPublicaciones &#038; Conferencias 03)\u00bb<\/span><\/a><\/p>\n","protected":false},"author":2,"featured_media":0,"parent":0,"menu_order":0,"comment_status":"closed","ping_status":"closed","template":"","meta":{"jetpack_post_was_ever_published":false,"footnotes":""},"class_list":["post-79","page","type-page","status-publish","hentry"],"jetpack_sharing_enabled":true,"jetpack_shortlink":"https:\/\/wp.me\/Pa9V6O-1h","_links":{"self":[{"href":"https:\/\/hugopalma.academy\/index.php?rest_route=\/wp\/v2\/pages\/79","targetHints":{"allow":["GET"]}}],"collection":[{"href":"https:\/\/hugopalma.academy\/index.php?rest_route=\/wp\/v2\/pages"}],"about":[{"href":"https:\/\/hugopalma.academy\/index.php?rest_route=\/wp\/v2\/types\/page"}],"author":[{"embeddable":true,"href":"https:\/\/hugopalma.academy\/index.php?rest_route=\/wp\/v2\/users\/2"}],"replies":[{"embeddable":true,"href":"https:\/\/hugopalma.academy\/index.php?rest_route=%2Fwp%2Fv2%2Fcomments&post=79"}],"version-history":[{"count":92,"href":"https:\/\/hugopalma.academy\/index.php?rest_route=\/wp\/v2\/pages\/79\/revisions"}],"predecessor-version":[{"id":2468,"href":"https:\/\/hugopalma.academy\/index.php?rest_route=\/wp\/v2\/pages\/79\/revisions\/2468"}],"wp:attachment":[{"href":"https:\/\/hugopalma.academy\/index.php?rest_route=%2Fwp%2Fv2%2Fmedia&parent=79"}],"curies":[{"name":"wp","href":"https:\/\/api.w.org\/{rel}","templated":true}]}}